{"id":3294,"date":"2026-04-27T13:16:49","date_gmt":"2026-04-27T11:16:49","guid":{"rendered":"https:\/\/www.mpk.swidnica.pl\/?page_id=3294"},"modified":"2026-04-27T13:19:35","modified_gmt":"2026-04-27T11:19:35","slug":"budowa-instalacji-oze-wraz-z-magazynem-energii-elektrycznej-na-terenie-bazy-mpk-swidnica-sp-z-o-o","status":"publish","type":"page","link":"https:\/\/www.mpk.swidnica.pl\/index.php\/budowa-instalacji-oze-wraz-z-magazynem-energii-elektrycznej-na-terenie-bazy-mpk-swidnica-sp-z-o-o\/","title":{"rendered":"<strong>Budowa instalacji OZE wraz z magazynem energii elektrycznej na terenie bazy MPK \u201e\u015awidnica\u201d Sp. z o.o.<\/strong>"},"content":{"rendered":"\t\t<div data-elementor-type=\"wp-page\" data-elementor-id=\"3294\" class=\"elementor elementor-3294\" data-elementor-settings=\"[]\">\n\t\t\t\t\t\t<div class=\"elementor-inner\">\n\t\t\t\t\t\t\t<div class=\"elementor-section-wrap\">\n\t\t\t\t\t\t\t<section class=\"elementor-section elementor-top-section elementor-element elementor-element-34dd5d2 elementor-section-boxed elementor-section-height-default elementor-section-height-default\" data-id=\"34dd5d2\" data-element_type=\"section\">\n\t\t\t\t\t\t<div class=\"elementor-container elementor-column-gap-default\">\n\t\t\t\t\t\t\t<div class=\"elementor-row\">\n\t\t\t\t\t<div class=\"elementor-column elementor-col-100 elementor-top-column elementor-element elementor-element-abf8bba\" data-id=\"abf8bba\" data-element_type=\"column\">\n\t\t\t<div class=\"elementor-column-wrap elementor-element-populated\">\n\t\t\t\t\t\t\t<div class=\"elementor-widget-wrap\">\n\t\t\t\t\t\t<div class=\"elementor-element elementor-element-337c1c7 elementor-widget elementor-widget-text-editor\" data-id=\"337c1c7\" data-element_type=\"widget\" data-widget_type=\"text-editor.default\">\n\t\t\t\t<div class=\"elementor-widget-container\">\n\t\t\t\t\t<div class=\"elementor-text-editor elementor-clearfix\"><p>\u00a0<\/p><p><strong>Miejskie Przedsi\u0119biorstwo Komunikacyjne \u201e\u015awidnica\u201d Sp. z o.o. realizuje projekt: Budowa instalacji OZE wraz z magazynem energii elektrycznej na terenie bazy MPK \u201e\u015awidnica\u201d Sp. z o.o.<\/strong><\/p><p>\u00a0<\/p><p>Ca\u0142kowity koszt projektu<strong>:\u00a0\u00a0 \u00a020\u00a0567\u00a0129,23 z\u0142<\/strong><\/p><p><strong>Wydatki kwalifikowane\u00a0\u00a0\u00a0\u00a0 16\u00a0888\u00a0256,73 z\u0142<\/strong><\/p><p>\u00a0<\/p><p>\u00a0<\/p><p>Dofinansowanie :<\/p><p>Instytucja rozliczaj\u0105ca Projekt<\/p><p>Dolno\u015bl\u0105ska Instytucja Po\u015brednicz\u0105ca<\/p><p>Projekt FEDS.09.05-IP.01-0003\/25 z 23-09-2025<\/p><p>\u00a0<\/p><p>Dofinansowanie\u00a0\u00a0\u00a0\u00a0\u00a0\u00a0\u00a0\u00a0\u00a0\u00a0\u00a0\u00a0\u00a0\u00a0\u00a0\u00a0\u00a0\u00a0\u00a0\u00a0\u00a0\u00a0\u00a0\u00a0\u00a0\u00a0\u00a0\u00a0\u00a0\u00a0\u00a0\u00a0\u00a0\u00a0\u00a0\u00a0\u00a0\u00a0\u00a0\u00a0\u00a0\u00a0\u00a0\u00a0\u00a0\u00a0\u00a0\u00a0\u00a0\u00a0\u00a0\u00a0 \u00a0\u00a0\u00a0\u00a0\u00a0\u00a0\u00a0\u00a0\u00a0\u00a0\u00a0\u00a0\u00a0\u00a0\u00a0\u00a0\u00a0\u00a0\u00a0\u00a0\u00a0\u00a0\u00a0\u00a0\u00a0\u00a0\u00a0\u00a0\u00a0\u00a0\u00a0\u00a0\u00a0\u00a0\u00a0\u00a0\u00a0\u00a0\u00a0\u00a0\u00a0\u00a0\u00a0\u00a0\u00a0\u00a0\u00a0\u00a0\u00a0\u00a0\u00a0\u00a0\u00a0\u00a0\u00a0\u00a0\u00a0\u00a0\u00a0\u00a0\u00a0\u00a0\u00a0\u00a0\u00a0\u00a0\u00a0\u00a0\u00a014\u00a0355\u00a0018,23 z\u0142<\/p><p>W tym :<\/p><p>\u00a0Unia Europejska\u00a0\u00a0\u00a0\u00a0\u00a0\u00a0\u00a0\u00a0\u00a0\u00a0\u00a0\u00a0\u00a0\u00a0\u00a0\u00a0\u00a0\u00a0\u00a0\u00a0\u00a0\u00a0\u00a0\u00a0\u00a0\u00a0\u00a0\u00a0\u00a0\u00a0\u00a0\u00a0\u00a0\u00a0\u00a0\u00a0\u00a0\u00a0\u00a0\u00a0\u00a0\u00a0\u00a0\u00a0\u00a0\u00a0\u00a0\u00a0\u00a0\u00a0\u00a0\u00a0\u00a0\u00a0\u00a0 \u00a0\u00a0\u00a0\u00a0\u00a0\u00a0\u00a0\u00a0\u00a0\u00a0\u00a0\u00a0\u00a0\u00a0\u00a0\u00a0\u00a0\u00a0\u00a0\u00a0\u00a0\u00a0\u00a0\u00a011\u00a0821\u00a0779,72 z\u0142<\/p><p>\u00a0Wsp\u00f3\u0142finansowane z Bud\u017cetu Pa\u0144stwa\u00a0\u00a0\u00a0\u00a0\u00a0\u00a0\u00a0\u00a0\u00a0\u00a0\u00a0\u00a0\u00a0\u00a0\u00a0\u00a0\u00a0\u00a0\u00a0\u00a0\u00a0\u00a0\u00a0\u00a0\u00a0\u00a0\u00a0\u00a0\u00a0\u00a0\u00a0\u00a0\u00a0\u00a0 \u00a02\u00a0533\u00a0238,50 z\u0142<\/p><p>\u00a0<\/p><p><strong>\u00a0<\/strong><\/p><p>Termin zako\u0144czenia realizacji przedsi\u0119wzi\u0119cia\u00a0\u00a0\u00a0\u00a0\u00a0\u00a0\u00a0\u00a0\u00a0\u00a0 \u00a0\u00a0\u00a0\u00a0\u00a0\u00a0\u00a0\u00a0\u00a0\u00a0\u00a0\u00a02026 r\u00a0\u00a0\u00a0\u00a0<\/p><p>\u00a0<\/p><p>Data podpisania um\u00f3w\u00a0 :<\/p><p>\u00a0\u00a0\u00a0\u00a0\u00a0\u00a0\u00a0\u00a0\u00a0\u00a0\u00a0\u00a0\u00a0\u00a0\u00a0\u00a0\u00a0\u00a0\u00a0\u00a0\u00a0\u00a0\u00a0\u00a0\u00a0\u00a0\u00a0\u00a0\u00a0\u00a0\u00a0\u00a0\u00a0\u00a0\u00a0\u00a0\u00a0\u00a0\u00a0\u00a0\u00a0\u00a0\u00a0\u00a0\u00a0\u00a0\u00a0\u00a0\u00a0\u00a0\u00a0\u00a0\u00a0\u00a0 &#8211; dotacja\u00a0 \u00a0\u00a0\u00a0\u00a023-09-2025<\/p><p>\u00a0\u00a0\u00a0\u00a0\u00a0\u00a0\u00a0\u00a0\u00a0\u00a0\u00a0\u00a0\u00a0\u00a0\u00a0\u00a0\u00a0\u00a0\u00a0\u00a0\u00a0\u00a0\u00a0\u00a0\u00a0\u00a0\u00a0\u00a0\u00a0\u00a0\u00a0\u00a0\u00a0\u00a0\u00a0\u00a0\u00a0\u00a0\u00a0\u00a0\u00a0\u00a0\u00a0\u00a0\u00a0\u00a0\u00a0\u00a0\u00a0\u00a0\u00a0\u00a0\u00a0\u00a0\u00a0\u00a0\u00a0<\/p><p>Przedmiotem projektu jest budowa instalacji OZE wraz z magazynami energii, kt\u00f3re b\u0119d\u0105 s\u0142u\u017cy\u0107 do produkcji i magazynowania energii elektrycznej. Energia elektryczna wytworzona w instalacji b\u0119dzie wykorzystywana w 100% do \u0142adowania autobus\u00f3w elektrycznych u\u017cywanych do realizacji zada\u0144 MPK \u015awidnica Sp. z o.o.<\/p><p>Zakres inwestycji obejmuje dwa dzia\u0142ania:<\/p><p>\u00a0Zadanie 1. Budowa instalacji OZE wraz z magazynem energii elektrycznej. W ramach zadania zak\u0142ada si\u0119 poniesienie nast\u0119puj\u0105cych koszt\u00f3w:<\/p><ol><li>a) Budowa instalacji fotowoltaicznej na bazie wysokich carport\u00f3w wraz z rozdzielni\u0105. Koszt obejmuje budow\u0119 konstrukcji stalowej pod panele fotowoltaiczne w formie carportu oraz monta\u017c modu\u0142\u00f3w fotowoltaicznych &#8211; 2242 szt. modu\u0142\u00f3w o mocy jednostkowej 620 Wp. \u0141\u0105czna zainstalowana moc paneli wynosi 1390 kWp;<\/li><li>b) System zarz\u0105dzania mikro sieci\u0105 wyspow\u0105 typu micro grid off;<\/li><li>c) Magazyn energii elektrycznej (element uzupe\u0142niaj\u0105cy obj\u0119ty limitem) &#8211; kontenerowy magazyn energii o pojemno\u015bci 1500 kWh; d) Przygotowanie dokumentacji projektowej.<\/li><\/ol><p>\u00a0Zadanie 2. Koszty po\u015brednie: w ramach koszt\u00f3w po\u015brednich przewiduje si\u0119 m.in. dzia\u0142ania promocyjne, kt\u00f3re obejmowa\u0107 b\u0119d\u0105 monta\u017c tablicy informacyjno-pami\u0105tkowej w miejscu budowy instalacji OZE i magazynu energii oraz informacj\u0119 w lokalnych i bran\u017cowych mediach.<\/p><p>\u00a0<\/p><p>\u00a0<\/p><\/div>\n\t\t\t\t<\/div>\n\t\t\t\t<\/div>\n\t\t\t\t\t\t<\/div>\n\t\t\t\t\t<\/div>\n\t\t<\/div>\n\t\t\t\t\t\t\t\t<\/div>\n\t\t\t\t\t<\/div>\n\t\t<\/section>\n\t\t\t\t\t\t<\/div>\n\t\t\t\t\t\t<\/div>\n\t\t\t\t\t<\/div>\n\t\t","protected":false},"excerpt":{"rendered":"<p>Miejskie Przedsi\u0119biorstwo Komunikacyjne \u201e\u015awidnica\u201d Sp. z o.o. realizuje projekt: Budowa instalacji OZE wraz z magazynem energii elektrycznej na terenie bazy MPK \u201e\u015awidnica\u201d Sp. z o.o. Ca\u0142kowity koszt projektu:&nbsp;&nbsp; &nbsp;20&nbsp;567&nbsp;129,23 z\u0142 Wydatki kwalifikowane&nbsp;&nbsp;&nbsp;&nbsp; 16&nbsp;888&nbsp;256,73 z\u0142 Dofinansowanie : Instytucja rozliczaj\u0105ca Projekt Dolno\u015bl\u0105ska Instytucja Po\u015brednicz\u0105ca Projekt FEDS.09.05-IP.01-0003\/25 z 23-09-2025 Dofinansowanie&nbsp;&nbsp;&nbsp;&nbsp;&nbsp;&nbsp;&nbsp;&nbsp;&nbsp;&nbsp;&nbsp;&nbsp;&nbsp;&nbsp;&nbsp;&nbsp;&nbsp;&nbsp;&nbsp;&nbsp;&nbsp;&nbsp;&nbsp;&nbsp;&nbsp;&nbsp;&nbsp;&nbsp;&nbsp;&nbsp;&nbsp;&nbsp;&nbsp;&nbsp;&nbsp;&nbsp;&nbsp;&nbsp;&nbsp;&nbsp;&nbsp;&nbsp;&nbsp;&nbsp;&nbsp;&nbsp;&nbsp;&nbsp;&nbsp;&nbsp;&nbsp;&nbsp; &nbsp;&nbsp;&nbsp;&nbsp;&nbsp;&nbsp;&nbsp;&nbsp;&nbsp;&nbsp;&nbsp;&nbsp;&nbsp;&nbsp;&nbsp;&nbsp;&nbsp;&nbsp;&nbsp;&nbsp;&nbsp;&nbsp;&nbsp;&nbsp;&nbsp;&nbsp;&nbsp;&nbsp;&nbsp;&nbsp;&nbsp;&nbsp;&nbsp;&nbsp;&nbsp;&nbsp;&nbsp;&nbsp;&nbsp;&nbsp;&nbsp;&nbsp;&nbsp;&nbsp;&nbsp;&nbsp;&nbsp;&nbsp;&nbsp;&nbsp;&nbsp;&nbsp;&nbsp;&nbsp;&nbsp;&nbsp;&nbsp;&nbsp;&nbsp;&nbsp;&nbsp;&nbsp;&nbsp;&nbsp;&nbsp;&nbsp;&nbsp;&nbsp;&nbsp;14&nbsp;355&nbsp;018,23 z\u0142 W tym : &nbsp;Unia Europejska&nbsp;&nbsp;&nbsp;&nbsp;&nbsp;&nbsp;&nbsp;&nbsp;&nbsp;&nbsp;&nbsp;&nbsp;&nbsp;&nbsp;&nbsp;&nbsp;&nbsp;&nbsp;&nbsp;&nbsp;&nbsp;&nbsp;&nbsp;&nbsp;&nbsp;&nbsp;&nbsp;&nbsp;&nbsp;&nbsp;&nbsp;&nbsp;&nbsp;&nbsp;&nbsp;&nbsp;&nbsp;&nbsp;&nbsp;&nbsp;&nbsp;&nbsp;&nbsp;&nbsp;&nbsp;&nbsp;&nbsp;&nbsp;&nbsp;&nbsp;&nbsp;&nbsp;&nbsp;&nbsp;&nbsp; &nbsp;&nbsp;&nbsp;&nbsp;&nbsp;&nbsp;&nbsp;&nbsp;&nbsp;&nbsp;&nbsp;&nbsp;&nbsp;&nbsp;&nbsp;&nbsp;&nbsp;&nbsp;&nbsp;&nbsp;&nbsp;&nbsp;&nbsp;&nbsp;11&nbsp;821&nbsp;779,72 [&hellip;]<\/p>\n","protected":false},"author":2,"featured_media":0,"parent":0,"menu_order":0,"comment_status":"closed","ping_status":"closed","template":"","meta":[],"_links":{"self":[{"href":"https:\/\/www.mpk.swidnica.pl\/index.php\/wp-json\/wp\/v2\/pages\/3294"}],"collection":[{"href":"https:\/\/www.mpk.swidnica.pl\/index.php\/wp-json\/wp\/v2\/pages"}],"about":[{"href":"https:\/\/www.mpk.swidnica.pl\/index.php\/wp-json\/wp\/v2\/types\/page"}],"author":[{"embeddable":true,"href":"https:\/\/www.mpk.swidnica.pl\/index.php\/wp-json\/wp\/v2\/users\/2"}],"replies":[{"embeddable":true,"href":"https:\/\/www.mpk.swidnica.pl\/index.php\/wp-json\/wp\/v2\/comments?post=3294"}],"version-history":[{"count":3,"href":"https:\/\/www.mpk.swidnica.pl\/index.php\/wp-json\/wp\/v2\/pages\/3294\/revisions"}],"predecessor-version":[{"id":3297,"href":"https:\/\/www.mpk.swidnica.pl\/index.php\/wp-json\/wp\/v2\/pages\/3294\/revisions\/3297"}],"wp:attachment":[{"href":"https:\/\/www.mpk.swidnica.pl\/index.php\/wp-json\/wp\/v2\/media?parent=3294"}],"curies":[{"name":"wp","href":"https:\/\/api.w.org\/{rel}","templated":true}]}}