{"id":3263,"date":"2026-03-10T12:21:48","date_gmt":"2026-03-10T11:21:48","guid":{"rendered":"https:\/\/www.mpk.swidnica.pl\/?page_id=3263"},"modified":"2026-03-10T12:22:09","modified_gmt":"2026-03-10T11:22:09","slug":"miejskie-przedsiebiorstwo-komunikacyjne-swidnica-sp-z-o-o-realizuje-projekt","status":"publish","type":"page","link":"https:\/\/www.mpk.swidnica.pl\/index.php\/miejskie-przedsiebiorstwo-komunikacyjne-swidnica-sp-z-o-o-realizuje-projekt\/","title":{"rendered":"<strong>Miejskie Przedsi\u0119biorstwo Komunikacyjne \u201e\u015awidnica\u201d Sp. z o.o. realizuje projekt<\/strong>"},"content":{"rendered":"\t\t<div data-elementor-type=\"wp-page\" data-elementor-id=\"3263\" class=\"elementor elementor-3263\" data-elementor-settings=\"[]\">\n\t\t\t\t\t\t<div class=\"elementor-inner\">\n\t\t\t\t\t\t\t<div class=\"elementor-section-wrap\">\n\t\t\t\t\t\t\t<section class=\"elementor-section elementor-top-section elementor-element elementor-element-1546bd5 elementor-section-boxed elementor-section-height-default elementor-section-height-default\" data-id=\"1546bd5\" data-element_type=\"section\">\n\t\t\t\t\t\t<div class=\"elementor-container elementor-column-gap-default\">\n\t\t\t\t\t\t\t<div class=\"elementor-row\">\n\t\t\t\t\t<div class=\"elementor-column elementor-col-100 elementor-top-column elementor-element elementor-element-1d692f0\" data-id=\"1d692f0\" data-element_type=\"column\">\n\t\t\t<div class=\"elementor-column-wrap elementor-element-populated\">\n\t\t\t\t\t\t\t<div class=\"elementor-widget-wrap\">\n\t\t\t\t\t\t<div class=\"elementor-element elementor-element-6cdb70a elementor-widget elementor-widget-text-editor\" data-id=\"6cdb70a\" data-element_type=\"widget\" data-widget_type=\"text-editor.default\">\n\t\t\t\t<div class=\"elementor-widget-container\">\n\t\t\t\t\t<div class=\"elementor-text-editor elementor-clearfix\"><p>\u201e Zakup autobus\u00f3w elektrycznych i budowa infrastruktury \u0142adowania przez MPK \u201e\u015awidnica\u201d Sp. z o. o.\u201d<\/p><p>Ca\u0142kowity koszt projektu<strong>:\u00a0\u00a0 \u00a023 095\u00a0697,70 z\u0142<\/strong><\/p><p>\u00a0<\/p><p>Dofinansowanie : <br \/>\u00a0ze \u015brodk\u00f3w Krajowego Planu Odbudowy i Zwi\u0119kszenia Odporno\u015bci\u00a0\u00a0\u00a0\u00a0\u00a0<\/p><p>\u00a0&#8211; umowa dotacji\u00a0 Nr 2189\/2021\/Wn04\/OA-TP-FN\/D z 04-11-2021\u00a0\u00a0\u00a0<\/p><p>\u00a0\u00a0\u00a0 oraz aneks\u00a0 nr 4\/1233\/2024\u00a0\u00a0\u00a0\u00a0\u00a0\u00a0\u00a0\u00a0\u00a0\u00a0\u00a0\u00a0\u00a0\u00a0\u00a0\u00a0\u00a0\u00a0\u00a0\u00a0\u00a0\u00a0\u00a0\u00a0\u00a0\u00a0\u00a0\u00a0\u00a0\u00a0\u00a0\u00a0\u00a0\u00a0\u00a0\u00a0\u00a0\u00a0\u00a0\u00a0\u00a0\u00a0\u00a0\u00a0\u00a0\u00a0\u00a0\u00a0\u00a0\u00a0\u00a0\u00a0\u00a0\u00a0\u00a0\u00a0\u00a0\u00a0\u00a0\u00a0\u00a0\u00a0\u00a0\u00a0\u00a0\u00a0\u00a0\u00a0\u00a0\u00a0\u00a0\u00a0\u00a0\u00a0\u00a0\u00a0\u00a0\u00a0\u00a0\u00a0\u00a0\u00a0\u00a0\u00a0\u00a0\u00a0\u00a0\u00a0\u00a0\u00a0\u00a0\u00a0\u00a0\u00a0\u00a0\u00a0\u00a0\u00a0\u00a0\u00a0\u00a0\u00a0\u00a0\u00a0\u00a0\u00a0 \u00a0\u00a0<strong>1\u00a0656\u00a0000,00<\/strong> <strong>z\u0142\u00a0\u00a0 <\/strong>\u00a0\u00a0\u00a0<\/p><p>\u00a0<\/p><p>ze \u015brodk\u00f3w Narodowego Funduszu Ochrony \u015arodowiska i Gospodarki Wodnej<\/p><p>&#8211; umowa po\u017cyczki \u00a0Nr 2189\/2021Wn04\/ OA-TP-FN\/D<\/p><p>\u00a0\u00a0 oraz aneks \u00a0\u00a0\u00a0nr 4\/1234\/2024\u00a0\u00a0\u00a0\u00a0\u00a0\u00a0\u00a0\u00a0\u00a0\u00a0\u00a0\u00a0\u00a0\u00a0\u00a0\u00a0\u00a0\u00a0\u00a0\u00a0\u00a0\u00a0\u00a0\u00a0\u00a0\u00a0\u00a0\u00a0\u00a0\u00a0\u00a0\u00a0\u00a0\u00a0\u00a0\u00a0\u00a0\u00a0\u00a0\u00a0\u00a0\u00a0\u00a0\u00a0\u00a0\u00a0\u00a0\u00a0\u00a0\u00a0\u00a0\u00a0\u00a0\u00a0\u00a0\u00a0\u00a0\u00a0\u00a0\u00a0\u00a0\u00a0\u00a0\u00a0\u00a0\u00a0\u00a0\u00a0\u00a0\u00a0\u00a0\u00a0\u00a0\u00a0\u00a0\u00a0\u00a0\u00a0\u00a0\u00a0\u00a0\u00a0\u00a0\u00a0\u00a0\u00a0\u00a0\u00a0\u00a0\u00a0\u00a0\u00a0\u00a0\u00a0\u00a0\u00a0\u00a0\u00a0\u00a0\u00a0\u00a0\u00a0\u00a0\u00a0\u00a0\u00a0 <strong>3\u00a0388\u00a0500,25 z\u0142<\/strong>\u00a0 <br \/><br \/>ze \u015brodk\u00f3w Narodowego Funduszu Ochrony \u015arodowiska i Gospodarki Wodnej<\/p><p>&#8211;\u00a0 umowa dotacji\u00a0 Nr 2189\/2021\/Wn04\/OA-TP-FN\/D z 04-11-2021\u00a0\u00a0\u00a0<\/p><p>\u00a0\u00a0 oraz aneks\u00a0 nr 4\/1233\/2024\u00a0\u00a0\u00a0\u00a0\u00a0\u00a0\u00a0\u00a0\u00a0\u00a0\u00a0\u00a0\u00a0\u00a0\u00a0\u00a0\u00a0\u00a0\u00a0\u00a0\u00a0\u00a0\u00a0\u00a0\u00a0\u00a0\u00a0\u00a0\u00a0\u00a0\u00a0\u00a0\u00a0\u00a0\u00a0\u00a0\u00a0\u00a0\u00a0\u00a0\u00a0\u00a0\u00a0\u00a0\u00a0\u00a0\u00a0\u00a0\u00a0\u00a0\u00a0\u00a0\u00a0\u00a0\u00a0\u00a0\u00a0\u00a0\u00a0\u00a0\u00a0\u00a0\u00a0\u00a0\u00a0\u00a0\u00a0\u00a0\u00a0\u00a0\u00a0\u00a0\u00a0\u00a0\u00a0\u00a0\u00a0\u00a0\u00a0\u00a0\u00a0\u00a0\u00a0\u00a0\u00a0\u00a0\u00a0\u00a0\u00a0\u00a0\u00a0\u00a0\u00a0\u00a0\u00a0\u00a0\u00a0\u00a0\u00a0\u00a0\u00a0\u00a0\u00a0\u00a0\u00a0\u00a0 <strong>11\u00a0515\u00a0499,75 z\u0142<\/strong><\/p><p>\u00a0<\/p><p>\u00a0<\/p><p>wk\u0142ad w\u0142asny: Miejskiego Przedsi\u0119biorstwa Komunikacyjnego<\/p><p>\u00a0\u00a0\u00a0\u00a0\u00a0\u00a0\u00a0\u00a0\u00a0\u00a0\u00a0\u00a0\u00a0\u00a0\u00a0\u00a0\u00a0\u00a0\u00a0\u00a0\u00a0\u00a0\u00a0\u00a0\u00a0\u00a0\u00a0\u00a0 \u201e\u015awidnica\u201d Sp\u00f3\u0142ka z o. o.\u00a0\u00a0\u00a0\u00a0\u00a0\u00a0\u00a0\u00a0\u00a0\u00a0\u00a0\u00a0\u00a0\u00a0\u00a0\u00a0\u00a0\u00a0\u00a0\u00a0\u00a0\u00a0\u00a0\u00a0\u00a0\u00a0\u00a0\u00a0\u00a0\u00a0\u00a0\u00a0\u00a0\u00a0\u00a0\u00a0\u00a0\u00a0\u00a0\u00a0\u00a0\u00a0\u00a0\u00a0\u00a0\u00a0\u00a0\u00a0\u00a0\u00a0\u00a0\u00a0\u00a0\u00a0\u00a0\u00a0\u00a0\u00a0\u00a0\u00a0\u00a0\u00a0\u00a0\u00a0\u00a0\u00a0\u00a0\u00a0\u00a0\u00a0\u00a0\u00a0 \u00a0\u00a0\u00a0\u00a0\u00a0\u00a0\u00a0\u00a0\u00a0\u00a0\u00a0\u00a0\u00a0\u00a0\u00a0<strong>6\u00a0535\u00a0697,70 z\u0142\u00a0\u00a0\u00a0\u00a0\u00a0\u00a0\u00a0\u00a0\u00a0\u00a0 <\/strong><\/p><p><strong>\u00a0<\/strong><\/p><p>Termin zako\u0144czenia realizacji przedsi\u0119wzi\u0119cia\u00a0\u00a0\u00a0\u00a0\u00a0\u00a0\u00a0\u00a0\u00a0\u00a0 \u00a0\u00a0\u00a0\u00a0\u00a0\u00a0\u00a0\u00a0\u00a0\u00a0\u00a0\u00a031-07-2023\u00a0\u00a0\u00a0\u00a0<\/p><p>\u00a0<\/p><p>Data podpisania um\u00f3w\u00a0 :<\/p><p>\u00a0\u00a0\u00a0\u00a0\u00a0\u00a0\u00a0\u00a0\u00a0\u00a0\u00a0\u00a0\u00a0\u00a0\u00a0\u00a0\u00a0\u00a0\u00a0\u00a0\u00a0\u00a0\u00a0\u00a0\u00a0\u00a0\u00a0\u00a0\u00a0\u00a0\u00a0\u00a0\u00a0\u00a0\u00a0\u00a0\u00a0\u00a0\u00a0\u00a0\u00a0\u00a0\u00a0\u00a0\u00a0\u00a0\u00a0\u00a0\u00a0\u00a0\u00a0\u00a0\u00a0\u00a0 &#8211; dotacja\u00a0 \u00a0\u00a0\u00a0\u00a004-11-202, aneks\u00a0\u00a0\u00a0\u00a0 18-12-2024\u00a0\u00a0\u00a0\u00a0<\/p><p>\u00a0\u00a0\u00a0\u00a0\u00a0\u00a0\u00a0\u00a0\u00a0\u00a0\u00a0\u00a0\u00a0\u00a0\u00a0\u00a0\u00a0\u00a0\u00a0\u00a0\u00a0\u00a0\u00a0\u00a0\u00a0\u00a0\u00a0\u00a0\u00a0\u00a0\u00a0\u00a0\u00a0\u00a0\u00a0\u00a0\u00a0\u00a0\u00a0\u00a0\u00a0\u00a0\u00a0\u00a0\u00a0\u00a0\u00a0\u00a0\u00a0\u00a0\u00a0\u00a0\u00a0\u00a0 &#8211; po\u017cyczka\u00a0 04-11-202, aneks\u00a0\u00a0\u00a0\u00a0\u00a0\u00a0\u00a0\u00a0 18-12-2024\u00a0\u00a0<\/p><p>\u00a0<\/p><p>W ramach projektu wykonano dokumentacj\u0119 techniczn\u0105 infrastruktury energetycznej zabezpieczaj\u0105cej zasilania stacji \u0142adowania autobus\u00f3w; Nadz\u00f3r inwestorski. Zakupiono 6 szt. w ca\u0142o\u015bci niskopod\u0142ogowych autobus\u00f3w elektrycznych akumulatorowych typ MAXI 12m,\u00a0 moc silnika 200 kW, magazyn energii elektrycznej 376 kWh o zasi\u0119gu przejazdu min. 150 km, 75 miejsc w tym 28 siedz\u0105cych, system informacji pasa\u017cerskiej, system biletowy oparty na 3 elektronicznych kasownikach do zakupu biletu przy zbli\u017ceniowym u\u017cyciu bankowych kart p\u0142atniczych na ka\u017cdy autobus, system lokalizacji pojazdu, system monitoringu cyfrowego wizyjnego; Przeszkolono 20 kierowc\u00f3w i 8 mechanik\u00f3w\/elektryk\u00f3w. Wykonano infrastruktur\u0119 energetyczn\u0105 towarzysz\u0105c\u0105 stacjom \u0142adowania autobus\u00f3w w tym 2 stacje transformatorowe 20\/0,4kV z transformatorami o mocy 400 kVA; Zakupiono i zamontowano stacj\u0119 \u0142adowania autobus\u00f3w: 6 stacjonarnych dwustanowiskowych stacji \u0142adowania plug in o mocy 150 kW mog\u0105cych pracowa\u0107 w trybie zintegrowanym tj.\u00a0 2&#215;75 kW , 6 punkt\u00f3w \u0142adowania. Zakupiono i zamontowano 2 stacje typu PANTOGRAF o mocy 350 kW (2 punkty \u0142adowania); &#8211; Zakupiono 2 szt. \u0142adowarek mobilnych typu plug in o mocy 60 kW (2 punkty \u0142adowania).<\/p><p>\u00a0\u00a0\u00a0\u00a0\u00a0\u00a0\u00a0\u00a0\u00a0\u00a0\u00a0\u00a0\u00a0\u00a0\u00a0\u00a0\u00a0\u00a0\u00a0\u00a0\u00a0\u00a0\u00a0\u00a0\u00a0\u00a0\u00a0\u00a0\u00a0\u00a0\u00a0\u00a0\u00a0\u00a0\u00a0\u00a0\u00a0\u00a0\u00a0\u00a0\u00a0\u00a0\u00a0\u00a0\u00a0\u00a0\u00a0\u00a0\u00a0\u00a0\u00a0\u00a0\u00a0\u00a0\u00a0\u00a0\u00a0\u00a0\u00a0\u00a0<\/p><p>\u00a0\u00a0\u00a0\u00a0\u00a0\u00a0\u00a0\u00a0\u00a0\u00a0\u00a0\u00a0\u00a0\u00a0\u00a0\u00a0\u00a0\u00a0\u00a0\u00a0\u00a0\u00a0\u00a0\u00a0\u00a0\u00a0\u00a0\u00a0\u00a0\u00a0\u00a0\u00a0\u00a0\u00a0\u00a0\u00a0\u00a0\u00a0\u00a0\u00a0\u00a0\u00a0\u00a0\u00a0\u00a0\u00a0\u00a0\u00a0\u00a0\u00a0\u00a0\u00a0\u00a0\u00a0\u00a0\u00a0\u00a0\u00a0\u00a0\u00a0\u00a0\u00a0 <br \/><strong>Miejskie Przedsi\u0119biorstwo Komunikacyjne \u201e\u015awidnica\u201d Sp. z o.o<\/strong>. realizuje projekt\u00a0\u00a0 \u00a0\u201e Zakup 3 autobus\u00f3w elektrycznych typu PN wraz z\u00a0 2 dwustanowiskowymi \u0142adowarkami elektrycznymi typu plug in na potrzeby \u015bwidnickiej\u00a0 komunikacji miejskiej\u201d<\/p><p>Ca\u0142kowity koszt projektu<strong>:\u00a0\u00a0\u00a0 12\u00a0945\u00a0750,00 z\u0142<\/strong><\/p><p>\u00a0<\/p><p>Dofinansowanie :<\/p><p>Wsparcie bezzwrotne z planu rozwojowego finansowane ze \u015brodk\u00f3w<\/p><p>\u00a0Krajowego Planu Odbudowy i Zwi\u0119kszenia Odporno\u015bci\u00a0\u00a0\u00a0\u00a0\u00a0\u00a0\u00a0<\/p><p>&#8211; umowa\u00a0 328\/2024\/Wn01\/OA-tp\/D\u00a0\u00a0\u00a0\u00a0\u00a0\u00a0\u00a0\u00a0\u00a0\u00a0\u00a0\u00a0\u00a0\u00a0\u00a0\u00a0\u00a0\u00a0\u00a0\u00a0\u00a0\u00a0\u00a0\u00a0\u00a0\u00a0\u00a0\u00a0\u00a0\u00a0\u00a0\u00a0\u00a0\u00a0\u00a0\u00a0\u00a0\u00a0\u00a0\u00a0\u00a0\u00a0\u00a0\u00a0\u00a0\u00a0\u00a0\u00a0\u00a0\u00a0\u00a0\u00a0\u00a0\u00a0\u00a0\u00a0\u00a0\u00a0\u00a0\u00a0\u00a0\u00a0\u00a0\u00a0\u00a0\u00a0\u00a0\u00a0\u00a0\u00a0\u00a0\u00a0\u00a0\u00a0\u00a0\u00a0\u00a0\u00a0\u00a0\u00a0\u00a0\u00a0\u00a0\u00a0\u00a0\u00a0\u00a0\u00a0\u00a0\u00a0\u00a0\u00a0 <strong>9\u00a0177\u00a0500,00 z\u0142 <\/strong>\u00a0\u00a0\u00a0\u00a0\u00a0\u00a0\u00a0\u00a0\u00a0\u00a0\u00a0\u00a0\u00a0\u00a0\u00a0\u00a0\u00a0\u00a0\u00a0\u00a0\u00a0\u00a0\u00a0\u00a0\u00a0\u00a0\u00a0\u00a0\u00a0\u00a0\u00a0\u00a0\u00a0\u00a0\u00a0\u00a0\u00a0\u00a0\u00a0\u00a0\u00a0\u00a0\u00a0\u00a0\u00a0\u00a0\u00a0\u00a0\u00a0\u00a0\u00a0\u00a0\u00a0\u00a0\u00a0\u00a0\u00a0\u00a0\u00a0\u00a0\u00a0\u00a0\u00a0\u00a0\u00a0\u00a0\u00a0\u00a0\u00a0\u00a0\u00a0\u00a0\u00a0\u00a0\u00a0\u00a0\u00a0\u00a0\u00a0\u00a0\u00a0\u00a0\u00a0\u00a0\u00a0<\/p><p>\u00a0<\/p><p>\u00a0<\/p><p>Ze \u015brodk\u00f3w Narodowego Funduszu Ochrony \u015arodowiska i Gospodarki Wodnej<\/p><p>&#8211; umowa po\u017cyczki\u00a0 349 \/2024\/Wn01\/OA-tp-fn\/P\u00a0\u00a0\u00a0\u00a0\u00a0\u00a0\u00a0\u00a0\u00a0\u00a0\u00a0\u00a0\u00a0\u00a0\u00a0\u00a0\u00a0\u00a0\u00a0\u00a0\u00a0\u00a0\u00a0\u00a0\u00a0\u00a0\u00a0\u00a0\u00a0\u00a0\u00a0\u00a0\u00a0\u00a0\u00a0\u00a0\u00a0\u00a0\u00a0\u00a0\u00a0\u00a0\u00a0\u00a0\u00a0\u00a0\u00a0\u00a0\u00a0\u00a0\u00a0\u00a0\u00a0\u00a0\u00a0\u00a0\u00a0\u00a0\u00a0\u00a0\u00a0\u00a0\u00a0\u00a0\u00a0\u00a0\u00a0\u00a0 <strong>1\u00a0197\u00a0500,00 z\u0142\u00a0\u00a0\u00a0\u00a0\u00a0\u00a0\u00a0\u00a0\u00a0\u00a0\u00a0\u00a0\u00a0\u00a0\u00a0\u00a0\u00a0\u00a0\u00a0\u00a0\u00a0\u00a0\u00a0\u00a0\u00a0\u00a0\u00a0\u00a0\u00a0\u00a0\u00a0\u00a0\u00a0\u00a0\u00a0\u00a0\u00a0\u00a0\u00a0\u00a0\u00a0\u00a0\u00a0\u00a0\u00a0\u00a0\u00a0\u00a0\u00a0\u00a0\u00a0\u00a0\u00a0\u00a0\u00a0\u00a0\u00a0\u00a0\u00a0\u00a0\u00a0\u00a0\u00a0\u00a0\u00a0\u00a0\u00a0\u00a0\u00a0\u00a0\u00a0\u00a0\u00a0\u00a0\u00a0\u00a0\u00a0\u00a0\u00a0\u00a0\u00a0\u00a0\u00a0\u00a0\u00a0\u00a0\u00a0 <\/strong><\/p><p>\u00a0<\/p><p>wk\u0142ad w\u0142asny: Miejskiego Przedsi\u0119biorstwa Komunikacyjnego :<\/p><p>\u00a0\u00a0\u00a0\u00a0\u00a0\u00a0\u00a0\u00a0\u00a0\u00a0\u00a0\u00a0\u00a0\u00a0\u00a0\u00a0\u00a0\u00a0\u00a0\u00a0\u00a0\u00a0\u00a0\u00a0\u00a0\u00a0\u00a0\u00a0\u00a0 \u201e\u015awidnica\u201d Sp\u00f3\u0142ka z o. o.\u00a0\u00a0\u00a0\u00a0\u00a0\u00a0\u00a0\u00a0\u00a0\u00a0\u00a0\u00a0\u00a0\u00a0\u00a0\u00a0\u00a0\u00a0\u00a0\u00a0\u00a0\u00a0\u00a0\u00a0\u00a0\u00a0\u00a0\u00a0\u00a0\u00a0\u00a0\u00a0\u00a0\u00a0\u00a0\u00a0\u00a0\u00a0\u00a0\u00a0\u00a0\u00a0\u00a0\u00a0\u00a0\u00a0\u00a0\u00a0\u00a0\u00a0\u00a0\u00a0\u00a0\u00a0\u00a0\u00a0\u00a0\u00a0\u00a0\u00a0\u00a0\u00a0\u00a0\u00a0\u00a0\u00a0\u00a0\u00a0\u00a0\u00a0\u00a0\u00a0\u00a0\u00a0\u00a0\u00a0\u00a0\u00a0\u00a0\u00a0\u00a0\u00a0\u00a0\u00a0 <strong>\u00a02\u00a0570\u00a0750,00 z\u0142\u00a0\u00a0\u00a0\u00a0\u00a0\u00a0\u00a0\u00a0\u00a0\u00a0 <\/strong><\/p><p><strong>\u00a0<\/strong><\/p><p>Termin zako\u0144czenia realizacji przedsi\u0119wzi\u0119cia\u00a0\u00a0\u00a0\u00a0\u00a0\u00a0\u00a0\u00a0\u00a0\u00a0\u00a0\u00a0\u00a0\u00a0\u00a0\u00a0\u00a0\u00a0\u00a0\u00a0\u00a0 31-12-2025\u00a0\u00a0<\/p><p>\u00a0<\/p><p>Data podpisania um\u00f3w\u00a0 :\u00a0\u00a0 &#8211; dotacja\u00a0\u00a0\u00a0\u00a0\u00a0 29-10-2024 r<\/p><p>\u00a0\u00a0\u00a0\u00a0\u00a0\u00a0\u00a0\u00a0\u00a0\u00a0\u00a0\u00a0\u00a0\u00a0\u00a0\u00a0\u00a0\u00a0\u00a0\u00a0\u00a0\u00a0\u00a0\u00a0\u00a0\u00a0\u00a0\u00a0\u00a0\u00a0\u00a0\u00a0\u00a0\u00a0\u00a0\u00a0\u00a0\u00a0\u00a0\u00a0\u00a0\u00a0\u00a0\u00a0\u00a0\u00a0\u00a0\u00a0\u00a0\u00a0\u00a0\u00a0\u00a0\u00a0 &#8211; po\u017cyczka \u00a0\u00a004-11-2024 r<\/p><p>\u00a0<\/p><p>W ramach Projektu zakupiono 3 sztuki nowych zeroemisyjnych autobus\u00f3w miejskich z nap\u0119dem elektrycznym typu PN (18 metrowych) spe\u0142niaj\u0105cych wytyczne ustawy z dnia 11 stycznia 2018 r. o elektromobilno\u015bci i paliwach alternatywnych. Autobusy elektryczne o parametrach: &#8211; bateria o pojemno\u015bci \u0142adowania \u00a0\u00a0\u00a0514,5 kWh &#8211; 2 gniazda \u0142adowania plug-in &#8211; 18 m, niskopod\u0142ogowy, przegubowy, dostosowany do potrzeb os\u00f3b niepe\u0142nosprawnych &#8211; liczba miejsc 120 w tym miejsc\u00a0 \u00a0siedz\u0105cych 46 . Przeszkolono 23 osoby \u00a0(15 kierowc\u00f3w, 8 pracownik\u00f3w technicznych) Przeprowadzono oznakowanie autobus\u00f3w \u00a0i promocj\u0119. Wykonano monta\u017c infrastruktury \u0142adowania z lokalizacj\u0105 na terenie zajezdni w \u015awidnicy przy ulicy In\u017cynierska 6 ( dzia\u0142ka nr 45) o parametrach: -2 stacje 2 stanowiskowe -liczba punkt\u00f3w \u0142adowania 4 szt. o mocy 75KW ka\u017cdy \u00a0Wykonano infrastruktur\u0119 przy\u0142\u0105czeniow\u0105 \u00a0oraz \u00a0testy i odbiory techniczne .<\/p><\/div>\n\t\t\t\t<\/div>\n\t\t\t\t<\/div>\n\t\t\t\t\t\t<\/div>\n\t\t\t\t\t<\/div>\n\t\t<\/div>\n\t\t\t\t\t\t\t\t<\/div>\n\t\t\t\t\t<\/div>\n\t\t<\/section>\n\t\t\t\t\t\t<\/div>\n\t\t\t\t\t\t<\/div>\n\t\t\t\t\t<\/div>\n\t\t","protected":false},"excerpt":{"rendered":"<p>\u201e Zakup autobus\u00f3w elektrycznych i budowa infrastruktury \u0142adowania przez MPK \u201e\u015awidnica\u201d Sp. z o. o.\u201d Ca\u0142kowity koszt projektu:\u00a0\u00a0 \u00a023 095\u00a0697,70 z\u0142 \u00a0 Dofinansowanie : \u00a0ze \u015brodk\u00f3w Krajowego Planu Odbudowy i Zwi\u0119kszenia Odporno\u015bci\u00a0\u00a0\u00a0\u00a0\u00a0 \u00a0&#8211; umowa dotacji\u00a0 Nr 2189\/2021\/Wn04\/OA-TP-FN\/D z 04-11-2021\u00a0\u00a0\u00a0 \u00a0\u00a0\u00a0 oraz aneks\u00a0 nr 4\/1233\/2024\u00a0\u00a0\u00a0\u00a0\u00a0\u00a0\u00a0\u00a0\u00a0\u00a0\u00a0\u00a0\u00a0\u00a0\u00a0\u00a0\u00a0\u00a0\u00a0\u00a0\u00a0\u00a0\u00a0\u00a0\u00a0\u00a0\u00a0\u00a0\u00a0\u00a0\u00a0\u00a0\u00a0\u00a0\u00a0\u00a0\u00a0\u00a0\u00a0\u00a0\u00a0\u00a0\u00a0\u00a0\u00a0\u00a0\u00a0\u00a0\u00a0\u00a0\u00a0\u00a0\u00a0\u00a0\u00a0\u00a0\u00a0\u00a0\u00a0\u00a0\u00a0\u00a0\u00a0\u00a0\u00a0\u00a0\u00a0\u00a0\u00a0\u00a0\u00a0\u00a0\u00a0\u00a0\u00a0\u00a0\u00a0\u00a0\u00a0\u00a0\u00a0\u00a0\u00a0\u00a0\u00a0\u00a0\u00a0\u00a0\u00a0\u00a0\u00a0\u00a0\u00a0\u00a0\u00a0\u00a0\u00a0\u00a0\u00a0\u00a0\u00a0\u00a0\u00a0\u00a0\u00a0\u00a0 \u00a0\u00a01\u00a0656\u00a0000,00 z\u0142\u00a0\u00a0 \u00a0\u00a0\u00a0 \u00a0 ze \u015brodk\u00f3w Narodowego Funduszu Ochrony \u015arodowiska i [&hellip;]<\/p>\n","protected":false},"author":2,"featured_media":0,"parent":0,"menu_order":0,"comment_status":"closed","ping_status":"closed","template":"","meta":[],"_links":{"self":[{"href":"https:\/\/www.mpk.swidnica.pl\/index.php\/wp-json\/wp\/v2\/pages\/3263"}],"collection":[{"href":"https:\/\/www.mpk.swidnica.pl\/index.php\/wp-json\/wp\/v2\/pages"}],"about":[{"href":"https:\/\/www.mpk.swidnica.pl\/index.php\/wp-json\/wp\/v2\/types\/page"}],"author":[{"embeddable":true,"href":"https:\/\/www.mpk.swidnica.pl\/index.php\/wp-json\/wp\/v2\/users\/2"}],"replies":[{"embeddable":true,"href":"https:\/\/www.mpk.swidnica.pl\/index.php\/wp-json\/wp\/v2\/comments?post=3263"}],"version-history":[{"count":3,"href":"https:\/\/www.mpk.swidnica.pl\/index.php\/wp-json\/wp\/v2\/pages\/3263\/revisions"}],"predecessor-version":[{"id":3266,"href":"https:\/\/www.mpk.swidnica.pl\/index.php\/wp-json\/wp\/v2\/pages\/3263\/revisions\/3266"}],"wp:attachment":[{"href":"https:\/\/www.mpk.swidnica.pl\/index.php\/wp-json\/wp\/v2\/media?parent=3263"}],"curies":[{"name":"wp","href":"https:\/\/api.w.org\/{rel}","templated":true}]}}