{"id":224,"date":"2019-08-31T18:48:21","date_gmt":"2019-08-31T16:48:21","guid":{"rendered":"http:\/mpk_site\/serwer1977636.home.pl\/?page_id=224"},"modified":"2024-01-24T10:27:21","modified_gmt":"2024-01-24T09:27:21","slug":"rada-nadzorcza","status":"publish","type":"page","link":"https:\/\/www.mpk.swidnica.pl\/index.php\/rada-nadzorcza\/","title":{"rendered":"Rada nadzorcza"},"content":{"rendered":"\t\t<div data-elementor-type=\"wp-post\" data-elementor-id=\"224\" class=\"elementor elementor-224\" data-elementor-settings=\"[]\">\n\t\t\t\t\t\t<div class=\"elementor-inner\">\n\t\t\t\t\t\t\t<div class=\"elementor-section-wrap\">\n\t\t\t\t\t\t\t<section class=\"elementor-section elementor-top-section elementor-element elementor-element-2a75551 elementor-section-stretched elementor-section-boxed elementor-section-height-default elementor-section-height-default\" data-id=\"2a75551\" data-element_type=\"section\" data-settings=\"{&quot;stretch_section&quot;:&quot;section-stretched&quot;}\">\n\t\t\t\t\t\t<div class=\"elementor-container elementor-column-gap-default\">\n\t\t\t\t\t\t\t<div class=\"elementor-row\">\n\t\t\t\t\t<div class=\"elementor-column elementor-col-100 elementor-top-column elementor-element elementor-element-9bd659e\" data-id=\"9bd659e\" data-element_type=\"column\">\n\t\t\t<div class=\"elementor-column-wrap\">\n\t\t\t\t\t\t\t<div class=\"elementor-widget-wrap\">\n\t\t\t\t\t\t\t\t<\/div>\n\t\t\t\t\t<\/div>\n\t\t<\/div>\n\t\t\t\t\t\t\t\t<\/div>\n\t\t\t\t\t<\/div>\n\t\t<\/section>\n\t\t\t\t<section class=\"elementor-section elementor-top-section elementor-element elementor-element-cba5d93 elementor-section-boxed elementor-section-height-default elementor-section-height-default\" data-id=\"cba5d93\" data-element_type=\"section\">\n\t\t\t\t\t\t<div class=\"elementor-container elementor-column-gap-default\">\n\t\t\t\t\t\t\t<div class=\"elementor-row\">\n\t\t\t\t\t<div class=\"elementor-column elementor-col-50 elementor-top-column elementor-element elementor-element-cf0d144\" data-id=\"cf0d144\" data-element_type=\"column\">\n\t\t\t<div class=\"elementor-column-wrap elementor-element-populated\">\n\t\t\t\t\t\t\t<div class=\"elementor-widget-wrap\">\n\t\t\t\t\t\t<div class=\"elementor-element elementor-element-4622ae2 elementor-widget elementor-widget-text-editor\" data-id=\"4622ae2\" data-element_type=\"widget\" data-widget_type=\"text-editor.default\">\n\t\t\t\t<div class=\"elementor-widget-container\">\n\t\t\t\t\t<div class=\"elementor-text-editor elementor-clearfix\"><p>Organem sprawuj\u0105cym nadz\u00f3r nad Sp\u00f3\u0142k\u0105 jest Rada Nadzorcza, w sk\u0142ad kt\u00f3rej wchodz\u0105:<\/p><div dir=\"ltr\"><div style=\"font-size: 10pt; font-family: 'Arial'; color: #000000;\">1.<span style=\"font-size: 10pt;\">Andrzej Kempa &#8211; Przewodnicz\u0105cy Rady Nadzorczej<\/span><\/div><div style=\"font-size: 10pt; font-family: 'Arial'; color: #000000;\"><p><br \/>2.Jerzy Jab\u0142o\u0144ski &#8211; sekretarz Rady Nadzorczej<\/p><p>3.Kazimierz Ogrodnik &#8211; cz\u0142onek Rady Nadzorczej<\/p><p>4.Anna Sapi\u0144ska &#8211; cz\u0142onek Rady Nadzorczej<\/p><p>5.Leszek Buchowski &#8211; cz\u0142onek Rady Nadzorczej<\/p><p>6.Monika Gadzicka-Kowalska &#8211; cz\u0142onek Rady Nadzorczej<\/p><\/div><\/div><\/div>\n\t\t\t\t<\/div>\n\t\t\t\t<\/div>\n\t\t\t\t\t\t<\/div>\n\t\t\t\t\t<\/div>\n\t\t<\/div>\n\t\t\t\t<div class=\"elementor-column elementor-col-50 elementor-top-column elementor-element elementor-element-9db09a0\" data-id=\"9db09a0\" data-element_type=\"column\">\n\t\t\t<div class=\"elementor-column-wrap elementor-element-populated\">\n\t\t\t\t\t\t\t<div class=\"elementor-widget-wrap\">\n\t\t\t\t\t\t<div class=\"elementor-element elementor-element-94f96c3 elementor-widget elementor-widget-image\" data-id=\"94f96c3\" data-element_type=\"widget\" data-widget_type=\"image.default\">\n\t\t\t\t<div class=\"elementor-widget-container\">\n\t\t\t\t\t<div class=\"elementor-image\">\n\t\t\t\t\t\t\t\t\t\t<img width=\"800\" height=\"450\" src=\"https:\/\/www.mpk.swidnica.pl\/wp-content\/uploads\/2019\/09\/rada_nadzorcza-1024x576.jpeg\" class=\"attachment-large size-large\" alt=\"\" decoding=\"async\" loading=\"lazy\" srcset=\"https:\/\/www.mpk.swidnica.pl\/wp-content\/uploads\/2019\/09\/rada_nadzorcza-1024x576.jpeg 1024w, https:\/\/www.mpk.swidnica.pl\/wp-content\/uploads\/2019\/09\/rada_nadzorcza-600x338.jpeg 600w, https:\/\/www.mpk.swidnica.pl\/wp-content\/uploads\/2019\/09\/rada_nadzorcza-300x169.jpeg 300w, https:\/\/www.mpk.swidnica.pl\/wp-content\/uploads\/2019\/09\/rada_nadzorcza-768x432.jpeg 768w\" sizes=\"(max-width: 800px) 100vw, 800px\" \/>\t\t\t\t\t\t\t\t\t\t\t<\/div>\n\t\t\t\t<\/div>\n\t\t\t\t<\/div>\n\t\t\t\t\t\t<\/div>\n\t\t\t\t\t<\/div>\n\t\t<\/div>\n\t\t\t\t\t\t\t\t<\/div>\n\t\t\t\t\t<\/div>\n\t\t<\/section>\n\t\t\t\t\t\t<\/div>\n\t\t\t\t\t\t<\/div>\n\t\t\t\t\t<\/div>\n\t\t","protected":false},"excerpt":{"rendered":"<p>Organem sprawuj\u0105cym nadz\u00f3r nad Sp\u00f3\u0142k\u0105 jest Rada Nadzorcza, w sk\u0142ad kt\u00f3rej wchodz\u0105: 1.Andrzej Kempa &#8211; Przewodnicz\u0105cy Rady Nadzorczej 2.Jerzy Jab\u0142o\u0144ski &#8211; sekretarz Rady Nadzorczej 3.Kazimierz Ogrodnik &#8211; cz\u0142onek Rady Nadzorczej 4.Anna Sapi\u0144ska &#8211; cz\u0142onek Rady Nadzorczej 5.Leszek Buchowski &#8211; cz\u0142onek Rady Nadzorczej 6.Monika Gadzicka-Kowalska &#8211; cz\u0142onek Rady Nadzorczej<\/p>\n","protected":false},"author":1,"featured_media":0,"parent":0,"menu_order":0,"comment_status":"closed","ping_status":"closed","template":"","meta":[],"_links":{"self":[{"href":"https:\/\/www.mpk.swidnica.pl\/index.php\/wp-json\/wp\/v2\/pages\/224"}],"collection":[{"href":"https:\/\/www.mpk.swidnica.pl\/index.php\/wp-json\/wp\/v2\/pages"}],"about":[{"href":"https:\/\/www.mpk.swidnica.pl\/index.php\/wp-json\/wp\/v2\/types\/page"}],"author":[{"embeddable":true,"href":"https:\/\/www.mpk.swidnica.pl\/index.php\/wp-json\/wp\/v2\/users\/1"}],"replies":[{"embeddable":true,"href":"https:\/\/www.mpk.swidnica.pl\/index.php\/wp-json\/wp\/v2\/comments?post=224"}],"version-history":[{"count":8,"href":"https:\/\/www.mpk.swidnica.pl\/index.php\/wp-json\/wp\/v2\/pages\/224\/revisions"}],"predecessor-version":[{"id":2585,"href":"https:\/\/www.mpk.swidnica.pl\/index.php\/wp-json\/wp\/v2\/pages\/224\/revisions\/2585"}],"wp:attachment":[{"href":"https:\/\/www.mpk.swidnica.pl\/index.php\/wp-json\/wp\/v2\/media?parent=224"}],"curies":[{"name":"wp","href":"https:\/\/api.w.org\/{rel}","templated":true}]}}